{"id":569,"date":"2020-01-17T16:20:31","date_gmt":"2020-01-17T15:20:31","guid":{"rendered":"https:\/\/www.proges.com\/mentions-legales\/"},"modified":"2020-07-27T16:17:01","modified_gmt":"2020-07-27T14:17:01","slug":"mentions-legales","status":"publish","type":"page","link":"https:\/\/www.proges.com\/es\/mentions-legales\/","title":{"rendered":"Aviso legal"},"content":{"rendered":"<h3>Condiciones de utilizaci\u00f3n del sitio<\/h3>\n<p>Al acceder a los sitios web <span style=\"color: #182750;\"><strong>www.proges.com, www.plug-and-track.com, www.synoptic-erp.com, www.blue-serve.com<\/strong><\/span> (los \u00abSitios\u00bb), usted accepta las presentes condiciones de utilizaci\u00f3n.<\/p>\n<h3>Presentaci\u00f3n del sitio<\/h3>\n<p>Los Sitios son propiedad de PROGES PLUS, 2 rue de la r\u00e9publique, 59780 Willems, France.<\/p>\n<h3>Respeto de los derechos de propiedad intelectual<\/h3>\n<p>Todos los textos, comentarios, publicaciones, ilustraciones y im\u00e1genes reproducidos en los Sitios <strong><span style=\"color: #182750;\">www.proges.com , www.plug-and-track.com, www.synoptic-erp.com, www.blue-serve.com<\/span><\/strong> son protegidos por el derecho de autor y para el mundo entero.<\/p>\n<p>A este respeto y en conformidad con las disposiciones del C\u00f3digo de la Propiedad Intelectual,\u00a0 solo se autorizan la utilizaci\u00f3n para un uso privado, exlusivamente en un c\u00edrculo familiar, y la reproducci\u00f3n (impresi\u00f3n, descargo) para uso estrictamente personal.<\/p>\n<p>Sin previa autorizaci\u00f3n comunicada por escrito por PROGES PLUS, otro tipo de utilizaci\u00f3n constituye pirateo y puede sancionarse por el C\u00f3digo de Propiedad Intelectual.<\/p>\n<p>Las marcas y los logos presentes en los Sitios, son propiedad de PROGES PLUS o son objeto de una autorizaci\u00f3n de utilizaci\u00f3n. Ning\u00fan derecho o licencia ser\u00e1 atribuido sobre uno de estos elementos sin la autorizaci\u00f3n escrita de PROGES PLUS o de un tercero que posea sobre la marca o el logotipo que figuren en los sitios.<\/p>\n<p>PROGES PLUS se reserva el derecho de perseguir todo acto de falsificaci\u00f3n de sus derechos de propiedad intelectual.<\/p>\n<h3>Advertencia general<\/h3>\n<p>PROGES PLUS no se hace responsable de los da\u00f1os que sean consecuencia del acceso o de la utilizaci\u00f3n de los Sitios, incluyendo todos los deterioros o virus que pudieran infectar el equipamiento inform\u00e1tico o cualquier otro bien.<\/p>\n<p>Aunque PROGES PLUS se esfuerza por mantener actualizadas las informaciones precisas publicadas en los Sitios, PROGES PLUS no ser\u00e1 responsable de ning\u00fan error o omisi\u00f3n.<\/p>\n<h3>V\u00ednculos a otros sitios<\/h3>\n<p>PROGES PLUS ofrece v\u00ednculos desde su Sitio a otros sitios.<\/p>\n<p>Estos sitios son independientes de los Sitios <strong><span style=\"color: #182750;\">www.proges.com , www.plug-and-track.com, www.synoptic-erp.com, www.blue-serve.com. <\/span><\/strong>PROGES PLUS no edita y no controla estos sitios.<\/p>\n<p>Por lo tanto, PROGES PLUS no podr\u00e1 ser considerado responsable de sus contenidos, sus productos, sus publicidades o cualquier elemento o servicio presentado en estos sitios.<br \/>\nLe recordamos que estos sitios est\u00e1n sometidos a sus propias condiciones de utilizaci\u00f3n y pol\u00edticas de protecci\u00f3n de la vida privada.<\/p>\n<h3>Respeto de las reglamentaciones<\/h3>\n<p>Los Sitios son elaborados por PROGES PLUS, cuyo sede social se ubica en Francia. dont le si\u00e8ge social est en France. Los internautas, que acceden a los Sitios desde otros pa\u00edses que Francia, se tienen que asegurar del respeto de las leyes que se aplican localmente.<\/p>\n<h3>Acceso al sitio<\/h3>\n<p>PROGES PLUS se reserva el derecho, por cualquier raz\u00f3n y por decisi\u00f3n propia, a rescindir, modificar, suspender o interrumpir el acceso a cualquier parte de los Sitios,\u00a0 incluyendo sus contenidos, caracter\u00edsticas o las horas de disponibilidad sin previo aviso.<\/p>\n<h3>Respeto de la protecci\u00f3n de los datos personales<\/h3>\n<p>Los ficheros nominativos procesados en el presente sitio fueron declarados a la Comisi\u00f3n Nacional Inform\u00e1tica y Libertad (resguardo de declaraci\u00f3n CNIL n\u00b0).<\/p>\n<p>Seg\u00fan la ley sobre la Inform\u00e1tica y Libertades n\u00b078-17 du 6 janvier 1978, usted tiene el derecho de acceso, de oposici\u00f3n y de rectificaci\u00f3n de los datos relativos a su persona.<\/p>\n<p>Puede ejercitar este derecho en cualquier momento enviando su petici\u00f3n escrita a la direcci\u00f3n siguiente : PROGES PLUS, 2 rue de la r\u00e9publique, 59780 Willems, France<\/p>\n<p>Esta operaci\u00f3n tambi\u00e9n se puede efectuar por Email a la direcci\u00f3n siguiente: <span style=\"color: #182750;\"><strong>proges@proges.com<\/strong><\/span><\/p>\n<h3>Modificaci\u00f3n de las condiciones<\/h3>\n<p>PROGES PLUS se reserva el derecho de modificar o de manera m\u00e1s general, de actualizar las presentes condiciones generales en cualquier momento y sin previo aviso.<br \/>\nPor este motivo, le invitamos o revisarlas regularmente.<\/p>\n<h3>Contacto<\/h3>\n<p>PROGES PLUS est\u00e1 a su disposici\u00f3n para cualquier comentario o sugerencia sobre el contenido actual o futuro de los sitios<strong><span style=\"color: #182750;\">\u00a0www.proges.com , www.plug-and-track.com, www.synoptic-erp.com, www.blue-serve.com<\/span><\/strong><\/p>\n<p>Nos puede contactar por Email a la direcci\u00f3n siguiente <span style=\"color: #182750;\"><strong>proges@proges.com<\/strong><\/span><\/p>\n<p><strong>PROGES PLUS<\/strong><br \/>\n2 rue de la R\u00e9publique<br \/>\n59780 Willems<br \/>\nFrance<br \/>\n<span style=\"color: #182750;\"><strong>proges@proges.com<\/strong><\/span><br \/>\n<span style=\"color: #182750;\"><strong>www.proges.com<\/strong><\/span><\/p>\n","protected":false},"excerpt":{"rendered":"<p>Condiciones de utilizaci\u00f3n del sitio Al acceder a los sitios web www.proges.com, www.plug-and-track.com, www.synoptic-erp.com, www.blue-serve.com&#8230;<\/p>\n","protected":false},"author":7,"featured_media":0,"parent":0,"menu_order":0,"comment_status":"closed","ping_status":"closed","template":"","meta":{"_acf_changed":false,"footnotes":""},"class_list":["post-569","page","type-page","status-publish","hentry"],"acf":[],"yoast_head":"<!-- This site is optimized with the Yoast SEO Premium plugin v15.0 - https:\/\/yoast.com\/wordpress\/plugins\/seo\/ -->\n<title>Aviso legal - Proges Plus<\/title>\n<meta name=\"description\" content=\"Le si\u00e8ge social de Proges Plus se situe au 2 rue de la r\u00e9publique, 59780 Willems, FRANCE - proges@proges.com - 03.20.64.63.63\" \/>\n<meta name=\"robots\" content=\"index, follow, max-snippet:-1, max-image-preview:large, max-video-preview:-1\" \/>\n<link rel=\"canonical\" href=\"https:\/\/www.proges.com\/es\/mentions-legales\/\" \/>\n<meta property=\"og:locale\" content=\"es_ES\" \/>\n<meta property=\"og:type\" content=\"article\" \/>\n<meta property=\"og:title\" content=\"Aviso legal - Proges Plus\" \/>\n<meta property=\"og:description\" content=\"Le si\u00e8ge social de Proges Plus se situe au 2 rue de la r\u00e9publique, 59780 Willems, FRANCE - proges@proges.com - 03.20.64.63.63\" \/>\n<meta property=\"og:url\" content=\"https:\/\/www.proges.com\/es\/mentions-legales\/\" \/>\n<meta property=\"og:site_name\" content=\"Proges Plus\" \/>\n<meta property=\"article:modified_time\" content=\"2020-07-27T14:17:01+00:00\" \/>\n<meta name=\"twitter:card\" content=\"summary_large_image\" \/>\n<script type=\"application\/ld+json\" class=\"yoast-schema-graph\">{\"@context\":\"https:\/\/schema.org\",\"@graph\":[{\"@type\":\"WebSite\",\"@id\":\"https:\/\/www.proges.com\/es\/#website\",\"url\":\"https:\/\/www.proges.com\/es\/\",\"name\":\"Proges Plus\",\"description\":\"Editeur de logiciels, Services informatiques. Surveillance de Temp\\u00e9rature. Lille, Lyon, Nantes, Montr\\u00e9al\",\"potentialAction\":[{\"@type\":\"SearchAction\",\"target\":\"https:\/\/www.proges.com\/es\/?s={search_term_string}\",\"query-input\":\"required name=search_term_string\"}],\"inLanguage\":\"es\"},{\"@type\":\"WebPage\",\"@id\":\"https:\/\/www.proges.com\/es\/mentions-legales\/#webpage\",\"url\":\"https:\/\/www.proges.com\/es\/mentions-legales\/\",\"name\":\"Aviso legal - Proges Plus\",\"isPartOf\":{\"@id\":\"https:\/\/www.proges.com\/es\/#website\"},\"datePublished\":\"2020-01-17T15:20:31+00:00\",\"dateModified\":\"2020-07-27T14:17:01+00:00\",\"description\":\"Le si\\u00e8ge social de Proges Plus se situe au 2 rue de la r\\u00e9publique, 59780 Willems, FRANCE - proges@proges.com - 03.20.64.63.63\",\"breadcrumb\":{\"@id\":\"https:\/\/www.proges.com\/es\/mentions-legales\/#breadcrumb\"},\"inLanguage\":\"es\",\"potentialAction\":[{\"@type\":\"ReadAction\",\"target\":[\"https:\/\/www.proges.com\/es\/mentions-legales\/\"]}]},{\"@type\":\"BreadcrumbList\",\"@id\":\"https:\/\/www.proges.com\/es\/mentions-legales\/#breadcrumb\",\"itemListElement\":[{\"@type\":\"ListItem\",\"position\":1,\"item\":{\"@type\":\"WebPage\",\"@id\":\"https:\/\/www.proges.com\/es\/\",\"url\":\"https:\/\/www.proges.com\/es\/\",\"name\":\"P\\u00e1gina inicial\"}}]}]}<\/script>\n<!-- \/ Yoast SEO Premium plugin. -->","_links":{"self":[{"href":"https:\/\/www.proges.com\/es\/wp-json\/wp\/v2\/pages\/569","targetHints":{"allow":["GET"]}}],"collection":[{"href":"https:\/\/www.proges.com\/es\/wp-json\/wp\/v2\/pages"}],"about":[{"href":"https:\/\/www.proges.com\/es\/wp-json\/wp\/v2\/types\/page"}],"author":[{"embeddable":true,"href":"https:\/\/www.proges.com\/es\/wp-json\/wp\/v2\/users\/7"}],"replies":[{"embeddable":true,"href":"https:\/\/www.proges.com\/es\/wp-json\/wp\/v2\/comments?post=569"}],"version-history":[{"count":0,"href":"https:\/\/www.proges.com\/es\/wp-json\/wp\/v2\/pages\/569\/revisions"}],"wp:attachment":[{"href":"https:\/\/www.proges.com\/es\/wp-json\/wp\/v2\/media?parent=569"}],"curies":[{"name":"wp","href":"https:\/\/api.w.org\/{rel}","templated":true}]}}